{"id":9651,"date":"2025-07-07T14:51:45","date_gmt":"2025-07-07T12:51:45","guid":{"rendered":"https:\/\/wehostcostabrava.com\/?post_type=experiencia&#038;p=9651"},"modified":"2025-07-08T09:04:05","modified_gmt":"2025-07-08T07:04:05","slug":"location-llaut-electrique-costa-brava","status":"publish","type":"experiencia","link":"https:\/\/wehostcostabrava.com\/fr\/location-llaut-electrique-costa-brava\/","title":{"rendered":"Location de lla\u00fct \u00e9lectrique sur la Costa Brava"},"content":{"rendered":"<p data-start=\"158\" data-end=\"480\">D\u00e9couvrez la Costa Brava depuis la mer comme jamais auparavant, \u00e0 bord de l\u2019<em data-start=\"234\" data-end=\"249\">El\u00e8ctrica 800<\/em> : un lla\u00fct traditionnel \u00e0 l\u2019\u00e2me 100 % \u00e9lectrique. Ce bateau innovant vous permet de vivre l\u2019essence de la M\u00e9diterran\u00e9e sans fum\u00e9e, sans bruit et sans \u00e9missions. Un hommage \u00e0 la tradition maritime, adapt\u00e9 aux valeurs d\u2019aujourd\u2019hui.<\/p>\n<p data-start=\"482\" data-end=\"799\">Inspir\u00e9e des lla\u00fcts classiques des c\u00f4tes catalanes et bal\u00e9ares, l\u2019<em data-start=\"548\" data-end=\"563\">El\u00e8ctrica 800<\/em> conserve l\u2019\u00e9l\u00e9gance des embarcations en bois tout en int\u00e9grant un syst\u00e8me de propulsion \u00e9lectrique Vetus E-POD de derni\u00e8re g\u00e9n\u00e9ration. Le r\u00e9sultat ? Une navigation fluide, silencieuse et efficace, sans vibrations ni entretien complexe.<\/p>\n<p data-start=\"801\" data-end=\"1104\">Gr\u00e2ce au toit \u00e9quip\u00e9 de panneaux solaires, les batteries se rechargent pendant la navigation ou \u00e0 l\u2019ancre, prolongeant ainsi son autonomie. Id\u00e9al pour explorer des criques secr\u00e8tes comme celles de Calella de Palafrugell, Tamariu, Platja del Castell ou La Fosca (Palam\u00f3s), sans avoir \u00e0 retourner au port.<\/p>\n<p data-start=\"1106\" data-end=\"1372\">Avec une capacit\u00e9 de 8 personnes, une poupe ouverte pour faciliter l\u2019acc\u00e8s \u00e0 l\u2019eau et une grande table pour partager un repas entre amis ou en famille, l\u2019<em data-start=\"1260\" data-end=\"1275\">El\u00e8ctrica 800<\/em> est con\u00e7ue pour offrir une exp\u00e9rience confortable, relaxante et respectueuse de l\u2019environnement.<\/p>\n<p data-start=\"1374\" data-end=\"1534\">R\u00e9servez votre sortie cet \u00e9t\u00e9 et vivez une journ\u00e9e inoubliable de mer, de calme et de durabilit\u00e9. L\u2019<em data-start=\"1474\" data-end=\"1489\">El\u00e8ctrica 800<\/em> vous attend\u2026 mais les places sont limit\u00e9es !<\/p>\n<p data-start=\"1536\" data-end=\"1577\"><a href=\"https:\/\/wehostcostabrava.com\/fr\/contacto\/\">Pour plus d\u2019informations, contactez-nous.<\/a><\/p>\n","protected":false},"featured_media":9632,"template":"","experiencia":[93],"class_list":["post-9651","experiencia","type-experiencia","status-publish","has-post-thumbnail","hentry","experiencia-experiencia"],"acf":[],"_links":{"self":[{"href":"https:\/\/wehostcostabrava.com\/fr\/wp-json\/wp\/v2\/experiencia\/9651"}],"collection":[{"href":"https:\/\/wehostcostabrava.com\/fr\/wp-json\/wp\/v2\/experiencia"}],"about":[{"href":"https:\/\/wehostcostabrava.com\/fr\/wp-json\/wp\/v2\/types\/experiencia"}],"wp:featuredmedia":[{"embeddable":true,"href":"https:\/\/wehostcostabrava.com\/fr\/wp-json\/wp\/v2\/media\/9632"}],"wp:attachment":[{"href":"https:\/\/wehostcostabrava.com\/fr\/wp-json\/wp\/v2\/media?parent=9651"}],"wp:term":[{"taxonomy":"experiencia","embeddable":true,"href":"https:\/\/wehostcostabrava.com\/fr\/wp-json\/wp\/v2\/experiencia?post=9651"}],"curies":[{"name":"wp","href":"https:\/\/api.w.org\/{rel}","templated":true}]}}