{"id":8880,"date":"2025-05-06T12:10:37","date_gmt":"2025-05-06T10:10:37","guid":{"rendered":"https:\/\/wehostcostabrava.com\/?post_type=experiencia&#038;p=8880"},"modified":"2026-04-16T08:02:54","modified_gmt":"2026-04-16T06:02:54","slug":"festival-cap-roig-calella-de-palafrugell-hebergement","status":"publish","type":"experiencia","link":"https:\/\/wehostcostabrava.com\/fr\/festival-cap-roig-calella-de-palafrugell-hebergement\/","title":{"rendered":"Festival de musique de Cap Roig 2026 \u00e0 Calella de Palafrugell (calendrier, dates et h\u00e9bergements)"},"content":{"rendered":"<p>Chaque \u00e9t\u00e9, la Costa Brava devient le th\u00e9\u00e2tre de l\u2019un des \u00e9v\u00e9nements musicaux les plus embl\u00e9matiques d\u2019Europe : le Festival de Cap Roig, qui se tient \u00e0 Calella de Palafrugell. Avec une programmation exceptionnelle d\u2019artistes de renomm\u00e9e internationale et un cadre unique en bord de mer, ce festival promet une exp\u00e9rience magique sous les \u00e9toiles.<\/p>\n<p class=\"\" data-start=\"595\" data-end=\"909\">Pendant plus d\u2019un mois, le festival r\u00e9unit des musiciens venus du monde entier dans un environnement naturel spectaculaire. Le programme couvre un large \u00e9ventail de styles musicaux, allant de la pop et du rock au flamenco, folk et musique classique. Un rendez-vous incontournable pour les amateurs de musique live.<\/p>\n<p>L\u2019\u00e9dition 2026 du Festival de Cap Roig d\u00e9butera le 3 juillet avec le tr\u00e8s attendu concert de Bryan Adams, ouvrant la voie \u00e0 une programmation de haut niveau qui m\u00eale grandes l\u00e9gendes et artistes contemporains. Tout au long du festival, des artistes internationaux de renom comme Anastacia, Rick Astley, Diana Krall et Mika monteront sur sc\u00e8ne, aux c\u00f4t\u00e9s de figures majeures de la sc\u00e8ne espagnole telles que Antonio Orozco, Pablo L\u00f3pez et Rosario.<\/p>\n<p>La programmation met \u00e9galement \u00e0 l\u2019honneur la diversit\u00e9 musicale avec des artistes comme Amaia, Miki N\u00fa\u00f1ez, Taburete et Valeria Castro, sans oublier des noms incontournables tels que Luz Casal, Miguel R\u00edos et Ana Torroja. Une \u00e9dition qui fera une nouvelle fois de Cap Roig l\u2019un des rendez-vous musicaux incontournables de l\u2019\u00e9t\u00e9 sur la Costa Brava.<\/p>\n<p data-start=\"911\" data-end=\"1242\"><img fetchpriority=\"high\" decoding=\"async\" class=\"aligncenter wp-image-8873 size-full\" src=\"https:\/\/wehostcostabrava.com\/wp-content\/uploads\/2025\/05\/Festival-de-Cap-Roig.webp\" alt=\"alojamiento-Festival-de-Cap-Roig\" width=\"1024\" height=\"512\" srcset=\"https:\/\/wehostcostabrava.com\/wp-content\/uploads\/2025\/05\/Festival-de-Cap-Roig.webp 1024w, https:\/\/wehostcostabrava.com\/wp-content\/uploads\/2025\/05\/Festival-de-Cap-Roig-300x150.webp 300w, https:\/\/wehostcostabrava.com\/wp-content\/uploads\/2025\/05\/Festival-de-Cap-Roig-768x384.webp 768w\" sizes=\"(max-width: 1024px) 100vw, 1024px\" \/><\/p>\n<p class=\"\" data-start=\"1244\" data-end=\"1302\"><strong data-start=\"1244\" data-end=\"1302\">S\u00e9journer \u00e0 Calella de Palafrugell : le meilleur choix<\/strong><\/p>\n<p class=\"\" data-start=\"1304\" data-end=\"1625\">Pour profiter pleinement du Festival de Cap Roig, le mieux est de s\u00e9journer \u00e0 Calella de Palafrugell, \u00e0 seulement quelques minutes du site. Ce charmant village de la Costa Brava conserve son \u00e2me de village de p\u00eacheurs, avec ses maisons blanches, ses criques aux eaux cristallines et son atmosph\u00e8re m\u00e9diterran\u00e9enne unique.<\/p>\n<p class=\"\" data-start=\"1627\" data-end=\"1950\">Chez <strong><a class=\"\" href=\"https:\/\/wehostcostabrava.com\/fr\/\" target=\"_new\" rel=\"noopener\" data-start=\"1632\" data-end=\"1684\">We Host Costa Brava<\/a><\/strong>, vous trouverez les meilleurs logements de vacances \u00e0 Calella, parfaits pour une escapade romantique, des vacances entre amis ou en famille. Des appartements avec vue sur la mer aux maisons avec piscine, notre s\u00e9lection combine confort, emplacement et authenticit\u00e9.<\/p>\n<p class=\"\" data-start=\"1952\" data-end=\"2298\">Nous vous recommandons notamment <a target=\"_new\" rel=\"noopener\" data-start=\"1985\" data-end=\"2126\">cet <\/a><a href=\"https:\/\/wehostcostabrava.com\/fr\/location-appartement-playa-canadell-a-calella-de-palafrugell-mar-g\/\"><strong>appartement avec terrasse et vue sur la mer<\/strong><\/a> ou <a href=\"https:\/\/wehostcostabrava.com\/fr\/location-appartement-playa-canadell-a-calella-de-palafrugell-mar-g\/\"><strong>ce duplex \u00e0 quelques m\u00e8tres de la plage de Calella de Palafrugell<\/strong><\/a> pour une exp\u00e9rience compl\u00e8te.<\/p>\n<p data-start=\"1952\" data-end=\"2298\"><img decoding=\"async\" class=\"aligncenter wp-image-8491 size-full\" src=\"https:\/\/wehostcostabrava.com\/wp-content\/uploads\/2025\/02\/alquilar-casa-costa-brava.jpg\" alt=\"alquilar casa costa brava\" width=\"800\" height=\"600\" srcset=\"https:\/\/wehostcostabrava.com\/wp-content\/uploads\/2025\/02\/alquilar-casa-costa-brava.jpg 800w, https:\/\/wehostcostabrava.com\/wp-content\/uploads\/2025\/02\/alquilar-casa-costa-brava-300x225.jpg 300w, https:\/\/wehostcostabrava.com\/wp-content\/uploads\/2025\/02\/alquilar-casa-costa-brava-768x576.jpg 768w\" sizes=\"(max-width: 800px) 100vw, 800px\" \/><\/p>\n<p class=\"\" style=\"text-align: center;\" data-start=\"2300\" data-end=\"2351\"><strong>Programme confirm\u00e9 du Festival de Cap Roig 2026<\/strong><\/p>\n<p style=\"text-align: center;\"><strong>3 juillet : Bryan Adams<\/strong><\/p>\n<p style=\"text-align: center;\"><strong>10 juillet : V\u00edctor Manuel<\/strong><\/p>\n<p style=\"text-align: center;\"><strong>11 juillet : Anastacia<\/strong><\/p>\n<p style=\"text-align: center;\"><strong>17 juillet : Amaia<\/strong><\/p>\n<p style=\"text-align: center;\"><strong>18 juillet : Rick Astley<\/strong><\/p>\n<p style=\"text-align: center;\"><strong>24 juillet : Caf\u00e9 Quijano<\/strong><\/p>\n<p style=\"text-align: center;\"><strong>25 juillet : Diana Krall<\/strong><\/p>\n<p style=\"text-align: center;\"><strong>1 ao\u00fbt : Miki N\u00fa\u00f1ez<\/strong><\/p>\n<p style=\"text-align: center;\"><strong>2 ao\u00fbt : Taburete<\/strong><\/p>\n<p style=\"text-align: center;\"><strong>3 ao\u00fbt : Antonio Orozco<\/strong><\/p>\n<p style=\"text-align: center;\"><strong>4 ao\u00fbt : Juan Diego Fl\u00f3rez<\/strong><\/p>\n<p style=\"text-align: center;\"><strong>5 ao\u00fbt : Valeria Castro<\/strong><\/p>\n<p style=\"text-align: center;\"><strong>6 ao\u00fbt : Lax\u2019n\u2019Busto<\/strong><\/p>\n<p style=\"text-align: center;\"><strong>7 ao\u00fbt : Pablo L\u00f3pez<\/strong><\/p>\n<p style=\"text-align: center;\"><strong>8 ao\u00fbt : Mika<\/strong><\/p>\n<p style=\"text-align: center;\"><strong>10 ao\u00fbt : El Fil Invisible<\/strong><\/p>\n<p style=\"text-align: center;\"><strong>11 ao\u00fbt : Rosario<\/strong><\/p>\n<p style=\"text-align: center;\"><strong>13 ao\u00fbt : Mal\u00fa<\/strong><\/p>\n<p style=\"text-align: center;\"><strong>14 ao\u00fbt : 31 FAM<\/strong><\/p>\n<p style=\"text-align: center;\"><strong>15 ao\u00fbt : Luz Casal<\/strong><\/p>\n<p style=\"text-align: center;\"><strong>16 ao\u00fbt : HAUSER<\/strong><\/p>\n<p style=\"text-align: center;\"><strong>17 ao\u00fbt : Ana Torroja<\/strong><\/p>\n<p style=\"text-align: center;\"><strong>18 ao\u00fbt : Miguel R\u00edos<\/strong><\/p>\n<p class=\"\" data-start=\"3014\" data-end=\"3238\">Pr\u00e9parez-vous \u00e0 vivre une exp\u00e9rience unique cet \u00e9t\u00e9. R\u00e9servez vos billets pour le Festival de Cap Roig et votre h\u00e9bergement avec We Host Costa Brava.<\/p>\n<p class=\"\" data-start=\"3014\" data-end=\"3238\"><strong>La musique, la mer et le charme de Calella de Palafrugell vous attendent !<\/strong><\/p>\n","protected":false},"featured_media":8877,"template":"","experiencia":[94],"class_list":["post-8880","experiencia","type-experiencia","status-publish","has-post-thumbnail","hentry","experiencia-eventos"],"acf":[],"_links":{"self":[{"href":"https:\/\/wehostcostabrava.com\/fr\/wp-json\/wp\/v2\/experiencia\/8880"}],"collection":[{"href":"https:\/\/wehostcostabrava.com\/fr\/wp-json\/wp\/v2\/experiencia"}],"about":[{"href":"https:\/\/wehostcostabrava.com\/fr\/wp-json\/wp\/v2\/types\/experiencia"}],"wp:featuredmedia":[{"embeddable":true,"href":"https:\/\/wehostcostabrava.com\/fr\/wp-json\/wp\/v2\/media\/8877"}],"wp:attachment":[{"href":"https:\/\/wehostcostabrava.com\/fr\/wp-json\/wp\/v2\/media?parent=8880"}],"wp:term":[{"taxonomy":"experiencia","embeddable":true,"href":"https:\/\/wehostcostabrava.com\/fr\/wp-json\/wp\/v2\/experiencia?post=8880"}],"curies":[{"name":"wp","href":"https:\/\/api.w.org\/{rel}","templated":true}]}}