{"id":13551,"date":"2026-04-16T09:58:27","date_gmt":"2026-04-16T07:58:27","guid":{"rendered":"https:\/\/wehostcostabrava.com\/?post_type=experiencia&#038;p=13551"},"modified":"2026-04-16T10:06:01","modified_gmt":"2026-04-16T08:06:01","slug":"eurolaser-masters-cup-calella-palafrugell","status":"publish","type":"experiencia","link":"https:\/\/wehostcostabrava.com\/fr\/eurolaser-masters-cup-calella-palafrugell\/","title":{"rendered":"EuroLaser Masters Cup \u00e0 Calella de Palafrugell : le grand rendez-vous de la voile ILCA sur la Costa Brava"},"content":{"rendered":"<p data-start=\"439\" data-end=\"885\">La baie de <span class=\"hover:entity-accent entity-underline inline cursor-pointer align-baseline\"><span class=\"whitespace-normal\">Calella de Palafrugell<\/span><\/span> redevient l\u2019un des \u00e9picentres de la voile l\u00e9g\u00e8re en Europe avec la prestigieuse <strong data-start=\"568\" data-end=\"593\">EuroLaser Masters Cup<\/strong>, aujourd\u2019hui connue sous le nom de <strong data-start=\"629\" data-end=\"655\">EurILCA Master Calella<\/strong>. Cet \u00e9v\u00e9nement int\u00e8gre \u00e9galement le traditionnel <strong data-start=\"705\" data-end=\"766\">Troph\u00e9e Calella de Palafrugell \u2013 M\u00e9morial \u201cPitus Jim\u00e9nez\u201d<\/strong>, et s\u2019impose comme l\u2019une des comp\u00e9titions les plus importantes du calendrier international pour les r\u00e9gatiers masters.<\/p>\n<p data-start=\"887\" data-end=\"1119\">Chaque ann\u00e9e, cette rencontre rassemble certains des meilleurs navigateurs de la classe ILCA (anciennement Laser), dans un cadre privil\u00e9gi\u00e9 de la Costa Brava qui combine des conditions de navigation id\u00e9ales avec une ambiance unique.<\/p>\n<h2 data-section-id=\"6eita5\" data-start=\"1121\" data-end=\"1161\">Dates de l\u2019EuroLaser Masters Cup 2026<\/h2>\n<p data-start=\"1163\" data-end=\"1365\">L\u2019\u00e9dition 2026 de l\u2019EurILCA Master Calella devrait se d\u00e9rouler, comme \u00e0 son habitude, au mois d\u2019avril, plus pr\u00e9cis\u00e9ment <strong data-start=\"1283\" data-end=\"1305\">\u00e0 la mi-avril 2026<\/strong>, en suivant le calendrier traditionnel du circuit europ\u00e9en.<\/p>\n<p data-start=\"1367\" data-end=\"1593\">Pendant plusieurs jours, la baie de Calella accueille diff\u00e9rentes manches au cours desquelles les participants s\u2019affrontent dans diverses cat\u00e9gories selon l\u2019\u00e2ge et le type de bateau, comme ILCA 6 (Radial) et ILCA 7 (Standard).<\/p>\n<h2 data-section-id=\"1je34di\" data-start=\"1595\" data-end=\"1648\">Un \u00e9v\u00e9nement de r\u00e9f\u00e9rence dans le circuit europ\u00e9en<\/h2>\n<p data-start=\"1650\" data-end=\"1820\">L\u2019EuroLaser Masters Cup fait partie du prestigieux <strong data-start=\"1701\" data-end=\"1726\">EurILCA Master Series<\/strong>, ce qui en fait une \u00e9preuve incontournable pour les r\u00e9gatiers masters \u00e0 l\u2019\u00e9chelle europ\u00e9enne.<\/p>\n<p data-start=\"1822\" data-end=\"2008\">La comp\u00e9tition est g\u00e9n\u00e9ralement organis\u00e9e par le <span class=\"hover:entity-accent entity-underline inline cursor-pointer align-baseline\"><span class=\"whitespace-normal\">Club de Vela Calella<\/span><\/span>, une entit\u00e9 reconnue pour son exp\u00e9rience dans l\u2019organisation d\u2019\u00e9v\u00e9nements nautiques de haut niveau.<\/p>\n<p data-start=\"2010\" data-end=\"2328\">Ce qui rend cette r\u00e9gate si sp\u00e9ciale, ce n\u2019est pas seulement son niveau sportif, mais aussi son caract\u00e8re international. Chaque \u00e9dition r\u00e9unit plus d\u2019une centaine de r\u00e9gatiers venant de diff\u00e9rents pays, avec souvent plus de <strong data-start=\"2234\" data-end=\"2258\">14 \u00e0 15 nationalit\u00e9s<\/strong> repr\u00e9sent\u00e9es, cr\u00e9ant une ambiance \u00e0 la fois diverse et enrichissante.<\/p>\n<p data-start=\"2010\" data-end=\"2328\"><img fetchpriority=\"high\" decoding=\"async\" class=\"aligncenter wp-image-7476 size-large\" src=\"https:\/\/wehostcostabrava.com\/wp-content\/uploads\/2024\/10\/calella-palafrugell-1024x616.jpg\" alt=\"Alojamiento Calella de Palafrugell\" width=\"800\" height=\"481\" srcset=\"https:\/\/wehostcostabrava.com\/wp-content\/uploads\/2024\/10\/calella-palafrugell-1024x616.jpg 1024w, https:\/\/wehostcostabrava.com\/wp-content\/uploads\/2024\/10\/calella-palafrugell-300x181.jpg 300w, https:\/\/wehostcostabrava.com\/wp-content\/uploads\/2024\/10\/calella-palafrugell-768x462.jpg 768w, https:\/\/wehostcostabrava.com\/wp-content\/uploads\/2024\/10\/calella-palafrugell.jpg 1200w\" sizes=\"(max-width: 800px) 100vw, 800px\" \/><\/p>\n<h2 data-section-id=\"4owhl\" data-start=\"2330\" data-end=\"2382\">La baie de Calella : un cadre id\u00e9al pour la voile<\/h2>\n<p data-start=\"2384\" data-end=\"2557\">L\u2019un des grands atouts de cette comp\u00e9tition est son emplacement. La baie de Calella de Palafrugell offre des conditions exceptionnelles pour la pratique de la voile l\u00e9g\u00e8re :<\/p>\n<ul data-start=\"2559\" data-end=\"2715\">\n<li data-section-id=\"9uktm8\" data-start=\"2559\" data-end=\"2593\">Des vents stables au printemps<\/li>\n<li data-section-id=\"wbcsur\" data-start=\"2594\" data-end=\"2627\">Des eaux propres et prot\u00e9g\u00e9es<\/li>\n<li data-section-id=\"1yjeqjx\" data-start=\"2628\" data-end=\"2670\">Un environnement naturel spectaculaire<\/li>\n<li data-section-id=\"mr6sw7\" data-start=\"2671\" data-end=\"2715\">Des infrastructures nautiques de qualit\u00e9<\/li>\n<\/ul>\n<p data-start=\"2717\" data-end=\"2824\">Tout cela en fait une destination tr\u00e8s pris\u00e9e, aussi bien pour les comp\u00e9titions que pour les entra\u00eenements.<\/p>\n<p data-start=\"2826\" data-end=\"3033\">De plus, le village conserve tout son charme m\u00e9diterran\u00e9en, avec ses maisons blanches, ses criques aux eaux cristallines et son atmosph\u00e8re paisible, loin des destinations plus touristiques de la Costa Brava.<\/p>\n<h2 data-section-id=\"klord7\" data-start=\"3035\" data-end=\"3073\">Bien plus qu\u2019une simple comp\u00e9tition<\/h2>\n<p data-start=\"3075\" data-end=\"3335\">L\u2019EuroLaser Masters Cup n\u2019est pas seulement une r\u00e9gate, c\u2019est aussi un v\u00e9ritable point de rencontre pour la communaut\u00e9 internationale de la voile l\u00e9g\u00e8re. De nombreux participants y reviennent chaque ann\u00e9e, transformant cet \u00e9v\u00e9nement en une v\u00e9ritable tradition.<\/p>\n<p data-start=\"3337\" data-end=\"3599\">L\u2019ambiance combine parfaitement l\u2019exigence sportive avec une forte dimension sociale. Apr\u00e8s les journ\u00e9es de comp\u00e9tition, r\u00e9gatiers, accompagnants et visiteurs profitent de la gastronomie locale, des promenades en bord de mer et de l\u2019authenticit\u00e9 du Baix Empord\u00e0.<\/p>\n<p data-start=\"3601\" data-end=\"3748\">Cet \u00e9quilibre entre sport et exp\u00e9rience est l\u2019un des \u00e9l\u00e9ments qui explique le succ\u00e8s et la reconnaissance de cette \u00e9preuve dans le circuit EurILCA.<\/p>\n<h2 data-section-id=\"1w76adu\" data-start=\"3750\" data-end=\"3798\">Un \u00e9v\u00e9nement id\u00e9al aussi pour les spectateurs<\/h2>\n<p data-start=\"3800\" data-end=\"3961\">M\u00eame si elle est centr\u00e9e sur les r\u00e9gatiers masters, l\u2019EuroLaser Masters Cup est \u00e9galement une excellente occasion de profiter de la voile en tant que spectateur.<\/p>\n<p data-start=\"3963\" data-end=\"4195\">Depuis diff\u00e9rents points du littoral de Calella de Palafrugell, il est possible d\u2019observer les r\u00e9gates, notamment lorsque les conditions sont favorables et que la mer se remplit de voiles, offrant un spectacle visuel impressionnant.<\/p>\n<p data-start=\"4197\" data-end=\"4304\">S\u00e9journer dans la r\u00e9gion \u00e0 cette p\u00e9riode permet \u00e9galement de combiner l\u2019\u00e9v\u00e9nement avec d\u2019autres activit\u00e9s :<\/p>\n<ul data-start=\"4306\" data-end=\"4487\">\n<li data-section-id=\"1pfaxko\" data-start=\"4306\" data-end=\"4342\">Randonn\u00e9e sur le chemin de ronde<\/li>\n<li data-section-id=\"1wumher\" data-start=\"4343\" data-end=\"4397\">D\u00e9gustation de la gastronomie locale face \u00e0 la mer<\/li>\n<li data-section-id=\"1i9v1wj\" data-start=\"4398\" data-end=\"4437\">Visite des villages du Baix Empord\u00e0<\/li>\n<li data-section-id=\"45exgo\" data-start=\"4438\" data-end=\"4487\">Profiter des temp\u00e9ratures douces du printemps<\/li>\n<\/ul>\n<h2 data-section-id=\"17700b4\" data-start=\"4489\" data-end=\"4546\">H\u00e9bergement \u00e0 Calella de Palafrugell pendant la r\u00e9gate<\/h2>\n<p data-start=\"4548\" data-end=\"4739\">Si vous envisagez d\u2019assister \u00e0 l\u2019EuroLaser Masters Cup 2026, que ce soit en tant que participant ou visiteur, le choix de l\u2019h\u00e9bergement est essentiel pour profiter pleinement de votre s\u00e9jour.<\/p>\n<p data-start=\"4741\" data-end=\"4874\">Opter pour un appartement ou une maison permet de b\u00e9n\u00e9ficier de plus d\u2019espace, de confort et de flexibilit\u00e9 qu\u2019un h\u00f4tel traditionnel.<\/p>\n<p data-start=\"4876\" data-end=\"5064\">Chez <strong data-start=\"4881\" data-end=\"4903\">WeHost Costa Brava<\/strong>, vous trouverez une s\u00e9lection soign\u00e9e d\u2019appartements et de maisons \u00e0 Calella de Palafrugell et dans ses environs, tous situ\u00e9s dans des emplacements privil\u00e9gi\u00e9s.<\/p>\n<p data-start=\"5066\" data-end=\"5097\">Parmi les options disponibles :<\/p>\n<ul data-start=\"5099\" data-end=\"5286\">\n<li data-section-id=\"10r0lt8\" data-start=\"5099\" data-end=\"5133\">Appartements proches de la mer<\/li>\n<li data-section-id=\"1gznnb3\" data-start=\"5134\" data-end=\"5166\">Maisons avec terrasse et vue<\/li>\n<li data-section-id=\"1ybt1y6\" data-start=\"5167\" data-end=\"5220\">Logements id\u00e9aux pour les familles ou les groupes<\/li>\n<li data-section-id=\"ra9tjc\" data-start=\"5221\" data-end=\"5286\">Propri\u00e9t\u00e9s situ\u00e9es dans des zones calmes mais bien connect\u00e9es<\/li>\n<\/ul>\n<p data-start=\"5288\" data-end=\"5465\">R\u00e9server directement vous permet \u00e9galement de b\u00e9n\u00e9ficier d\u2019un service plus personnalis\u00e9 et de recommandations locales pour profiter pleinement de votre s\u00e9jour pendant la r\u00e9gate.<\/p>\n<p data-start=\"5288\" data-end=\"5465\"><img decoding=\"async\" class=\"aligncenter wp-image-3755 size-full\" src=\"https:\/\/wehostcostabrava.com\/wp-content\/uploads\/2024\/03\/800x600-casa-concha-illa-7.jpg\" alt=\"Apartamento en calella de palafrugell\" width=\"800\" height=\"600\" srcset=\"https:\/\/wehostcostabrava.com\/wp-content\/uploads\/2024\/03\/800x600-casa-concha-illa-7.jpg 800w, https:\/\/wehostcostabrava.com\/wp-content\/uploads\/2024\/03\/800x600-casa-concha-illa-7-300x225.jpg 300w, https:\/\/wehostcostabrava.com\/wp-content\/uploads\/2024\/03\/800x600-casa-concha-illa-7-768x576.jpg 768w\" sizes=\"(max-width: 800px) 100vw, 800px\" \/><\/p>\n<h2 data-section-id=\"403xji\" data-start=\"5467\" data-end=\"5536\">Vivez la voile dans l\u2019un des plus beaux endroits de la Costa Brava<\/h2>\n<p data-start=\"5538\" data-end=\"5721\">L\u2019EuroLaser Masters Cup est bien plus qu\u2019un \u00e9v\u00e9nement sportif. C\u2019est une exp\u00e9rience qui allie voile, nature et art de vivre m\u00e9diterran\u00e9en dans l\u2019un des plus beaux cadres de Catalogne.<\/p>\n<p data-start=\"5723\" data-end=\"5891\">Que vous soyez passionn\u00e9 de voile ou simplement \u00e0 la recherche d\u2019une escapade printani\u00e8re diff\u00e9rente, Calella de Palafrugell offre un cadre id\u00e9al pour un s\u00e9jour unique.<\/p>\n<p data-start=\"5893\" data-end=\"6046\" data-is-last-node=\"\" data-is-only-node=\"\">Et en choisissant un h\u00e9bergement avec WeHost Costa Brava, vous profiterez de cet \u00e9v\u00e9nement avec le confort et l\u2019emplacement qui font toute la diff\u00e9rence.<\/p>\n","protected":false},"featured_media":13538,"template":"","experiencia":[94],"class_list":["post-13551","experiencia","type-experiencia","status-publish","has-post-thumbnail","hentry","experiencia-eventos"],"acf":[],"_links":{"self":[{"href":"https:\/\/wehostcostabrava.com\/fr\/wp-json\/wp\/v2\/experiencia\/13551"}],"collection":[{"href":"https:\/\/wehostcostabrava.com\/fr\/wp-json\/wp\/v2\/experiencia"}],"about":[{"href":"https:\/\/wehostcostabrava.com\/fr\/wp-json\/wp\/v2\/types\/experiencia"}],"wp:featuredmedia":[{"embeddable":true,"href":"https:\/\/wehostcostabrava.com\/fr\/wp-json\/wp\/v2\/media\/13538"}],"wp:attachment":[{"href":"https:\/\/wehostcostabrava.com\/fr\/wp-json\/wp\/v2\/media?parent=13551"}],"wp:term":[{"taxonomy":"experiencia","embeddable":true,"href":"https:\/\/wehostcostabrava.com\/fr\/wp-json\/wp\/v2\/experiencia?post=13551"}],"curies":[{"name":"wp","href":"https:\/\/api.w.org\/{rel}","templated":true}]}}