{"id":9661,"date":"2025-07-07T14:51:45","date_gmt":"2025-07-07T12:51:45","guid":{"rendered":"https:\/\/wehostcostabrava.com\/?post_type=experiencia&#038;p=9661"},"modified":"2025-07-08T09:07:22","modified_gmt":"2025-07-08T07:07:22","slug":"lloguer-llaut-electric-costa-brava","status":"publish","type":"experiencia","link":"https:\/\/wehostcostabrava.com\/ca\/lloguer-llaut-electric-costa-brava\/","title":{"rendered":"Lloguer de lla\u00fct el\u00e8ctric a la Costa Brava"},"content":{"rendered":"<p data-start=\"148\" data-end=\"468\">Descobreix la Costa Brava des del mar com mai abans, a bord de l\u2019<em data-start=\"213\" data-end=\"228\">El\u00e8ctrica 800<\/em>: un lla\u00fct tradicional amb \u00e0nima 100 % el\u00e8ctrica. Aquesta embarcaci\u00f3 innovadora et permet viure l\u2019ess\u00e8ncia de la Mediterr\u00e0nia sense fum, sense soroll i amb zero emissions. Un homenatge a la tradici\u00f3 marinera, adaptat als valors del present.<\/p>\n<p data-start=\"470\" data-end=\"781\">Inspirada en els lla\u00fcts cl\u00e0ssics de la costa catalana i balear, l\u2019<em data-start=\"536\" data-end=\"551\">El\u00e8ctrica 800<\/em> mant\u00e9 l\u2019eleg\u00e0ncia de les embarcacions de fusta, per\u00f2 incorpora un sistema de propulsi\u00f3 el\u00e8ctrica Vetus E-POD d\u2019\u00faltima generaci\u00f3. El resultat? Una navegaci\u00f3 suau, silenciosa i eficient, sense vibracions ni manteniments complicats.<\/p>\n<p data-start=\"783\" data-end=\"1083\">A m\u00e9s, gr\u00e0cies al sostre amb plaques solars, les bateries es recarreguen mentre navegues o est\u00e0s fondejat, ampliant aix\u00ed la seva autonomia. \u00c9s perfecta per explorar cales amagades com les de Calella de Palafrugell, Tamariu, Platja del Castell o La Fosca (Palam\u00f3s), sense necessitat de tornar al port.<\/p>\n<p data-start=\"1085\" data-end=\"1335\">Amb capacitat per a 8 persones, una popa oberta per facilitar l\u2019acc\u00e9s a l\u2019aigua i una gran taula per compartir \u00e0pats a bord amb amics o fam\u00edlia, l\u2019<em data-start=\"1232\" data-end=\"1247\">El\u00e8ctrica 800<\/em> est\u00e0 dissenyada per oferir una experi\u00e8ncia c\u00f2moda, relaxant i respectuosa amb l\u2019entorn.<\/p>\n<p data-start=\"1337\" data-end=\"1502\">Reserva la teva sortida aquest estiu i gaudeix d\u2019un dia inoblidable de mar, calma i sostenibilitat. L\u2019<em data-start=\"1439\" data-end=\"1454\">El\u00e8ctrica 800<\/em> t\u2019est\u00e0 esperant\u2026 per\u00f2 les places s\u00f3n limitades!<\/p>\n<p data-start=\"1504\" data-end=\"1549\"><a href=\"https:\/\/wehostcostabrava.com\/ca\/contacte\/\">Per a m\u00e9s informaci\u00f3, contacta amb nosaltres.<\/a><\/p>\n","protected":false},"featured_media":9630,"template":"","experiencia":[93],"class_list":["post-9661","experiencia","type-experiencia","status-publish","has-post-thumbnail","hentry","experiencia-experiencia"],"acf":[],"_links":{"self":[{"href":"https:\/\/wehostcostabrava.com\/ca\/wp-json\/wp\/v2\/experiencia\/9661"}],"collection":[{"href":"https:\/\/wehostcostabrava.com\/ca\/wp-json\/wp\/v2\/experiencia"}],"about":[{"href":"https:\/\/wehostcostabrava.com\/ca\/wp-json\/wp\/v2\/types\/experiencia"}],"wp:featuredmedia":[{"embeddable":true,"href":"https:\/\/wehostcostabrava.com\/ca\/wp-json\/wp\/v2\/media\/9630"}],"wp:attachment":[{"href":"https:\/\/wehostcostabrava.com\/ca\/wp-json\/wp\/v2\/media?parent=9661"}],"wp:term":[{"taxonomy":"experiencia","embeddable":true,"href":"https:\/\/wehostcostabrava.com\/ca\/wp-json\/wp\/v2\/experiencia?post=9661"}],"curies":[{"name":"wp","href":"https:\/\/api.w.org\/{rel}","templated":true}]}}