{"id":9361,"date":"2025-05-19T09:39:13","date_gmt":"2025-05-19T07:39:13","guid":{"rendered":"https:\/\/wehostcostabrava.com\/?post_type=experiencia&#038;p=9361"},"modified":"2025-05-19T09:50:48","modified_gmt":"2025-05-19T07:50:48","slug":"festival-peralada-2025-allotjament-we-host-costa-brava","status":"publish","type":"experiencia","link":"https:\/\/wehostcostabrava.com\/ca\/festival-peralada-2025-allotjament-we-host-costa-brava\/","title":{"rendered":"Cartell complet del Festival Castell de Peralada 2025"},"content":{"rendered":"<p class=\"\" data-start=\"538\" data-end=\"900\">Cada estiu, els jardins del Castell de Peralada es converteixen en un dels escenaris m\u00e9s emblem\u00e0tics d\u2019Europa per a la m\u00fasica cl\u00e0ssica i les arts esc\u00e8niques. L\u2019edici\u00f3 2025 del Festival Castell de Peralada promet una programaci\u00f3 excepcional que combina \u00f2pera, dansa, recitals i noves creacions, tot en un entorn natural i patrimonial \u00fanic al cor de l\u2019Alt Empord\u00e0.<\/p>\n<p class=\"\" data-start=\"902\" data-end=\"1117\">La 39a edici\u00f3 del festival tindr\u00e0 lloc del 3 al 18 de juliol de 2025, amb un total de 12 espectacles que reuniran grans noms del m\u00f3n l\u00edric, la dansa i la m\u00fasica instrumental. Entre els artistes confirmats destaquen:<\/p>\n<ul data-start=\"1119\" data-end=\"2559\">\n<li class=\"\" data-start=\"1119\" data-end=\"1244\">\n<p class=\"\" data-start=\"1121\" data-end=\"1244\"><strong data-start=\"1121\" data-end=\"1154\">Joyce DiDonato (3 de juliol):<\/strong> La mezzosoprano nord-americana oferir\u00e0 un recital acompanyada pel pianista Craig Terry.<\/p>\n<\/li>\n<li class=\"\" data-start=\"1245\" data-end=\"1336\">\n<p class=\"\" data-start=\"1247\" data-end=\"1336\"><strong data-start=\"1247\" data-end=\"1278\">Lorena Nogal (4 de juliol):<\/strong> Presentar\u00e0 la pe\u00e7a de dansa contempor\u00e0nia <em data-start=\"1321\" data-end=\"1333\">Le Terroir<\/em>.<\/p>\n<\/li>\n<li class=\"\" data-start=\"1337\" data-end=\"1430\">\n<p class=\"\" data-start=\"1339\" data-end=\"1430\"><strong data-start=\"1339\" data-end=\"1378\">Rafael R. Villalobos (5 de juliol):<\/strong> Estrenar\u00e0 la seva creaci\u00f3 esc\u00e8nica <em data-start=\"1414\" data-end=\"1427\">Genius Loci<\/em>.<\/p>\n<\/li>\n<li class=\"\" data-start=\"1431\" data-end=\"1631\">\n<p class=\"\" data-start=\"1433\" data-end=\"1631\"><strong data-start=\"1433\" data-end=\"1481\">Julian &amp; Christoph Pr\u00e9gardien (6 de juliol):<\/strong> Pare i fill interpretaran <em data-start=\"1508\" data-end=\"1522\">In Paradisum<\/em>, un programa de lieder de Schubert i Liszt, amb la participaci\u00f3 d\u2019un solista de l\u2019Escolania de Montserrat.<\/p>\n<\/li>\n<li class=\"\" data-start=\"1632\" data-end=\"1723\">\n<p class=\"\" data-start=\"1634\" data-end=\"1723\"><strong data-start=\"1634\" data-end=\"1670\">Frames Percussion (9 de juliol):<\/strong> Presentaran l\u2019\u00f2pera contempor\u00e0nia <em data-start=\"1705\" data-end=\"1720\">Opera (Forse)<\/em>.<\/p>\n<\/li>\n<li class=\"\" data-start=\"1724\" data-end=\"1861\">\n<p class=\"\" data-start=\"1726\" data-end=\"1861\"><strong data-start=\"1726\" data-end=\"1798\">Ballet Flamenco de Andaluc\u00eda &amp; Accademia del Piacere (10 de juliol):<\/strong> Col\u00b7laboraran en l\u2019obra <em data-start=\"1823\" data-end=\"1858\">Origen. La semilla de los tiempos<\/em>.<\/p>\n<\/li>\n<li class=\"\" data-start=\"1862\" data-end=\"1970\">\n<p class=\"\" data-start=\"1864\" data-end=\"1970\"><strong data-start=\"1864\" data-end=\"1908\">Katia &amp; Marielle Lab\u00e8que (11 de juliol):<\/strong> Les pianistes franceses interpretaran <em data-start=\"1947\" data-end=\"1967\">Le jardin f\u00e9erique<\/em>.<\/p>\n<\/li>\n<li class=\"\" data-start=\"1971\" data-end=\"2104\">\n<p class=\"\" data-start=\"1973\" data-end=\"2104\"><strong data-start=\"1973\" data-end=\"2032\">William Christie &amp; Les Arts Florissants (12 de juliol):<\/strong> Oferiran l\u2019oratori de H\u00e4ndel <em data-start=\"2062\" data-end=\"2101\">Il trionfo del Tempo e del Disinganno<\/em>.<\/p>\n<\/li>\n<li class=\"\" data-start=\"2105\" data-end=\"2203\">\n<p class=\"\" data-start=\"2107\" data-end=\"2203\"><strong data-start=\"2107\" data-end=\"2137\">Angel Blue (13 de juliol):<\/strong> La soprano nord-americana actuar\u00e0 amb el pianista Bryan Wagorn.<\/p>\n<\/li>\n<li class=\"\" data-start=\"2204\" data-end=\"2323\">\n<p class=\"\" data-start=\"2206\" data-end=\"2323\"><strong data-start=\"2206\" data-end=\"2262\">Elena Tarrats, Silvia Costa i altres (16 de juliol):<\/strong> Presentaran la creaci\u00f3 multidisciplin\u00e0ria <em data-start=\"2305\" data-end=\"2320\">Hort \/ Garden<\/em>.<\/p>\n<\/li>\n<li class=\"\" data-start=\"2324\" data-end=\"2427\">\n<p class=\"\" data-start=\"2326\" data-end=\"2427\"><strong data-start=\"2326\" data-end=\"2372\">Conxita Badia i Pau Casals (17 de juliol):<\/strong> Un homenatge musical titulat <em data-start=\"2402\" data-end=\"2424\">Melodies compartides<\/em>.<\/p>\n<\/li>\n<li class=\"\" data-start=\"2428\" data-end=\"2559\">\n<p class=\"\" data-start=\"2430\" data-end=\"2559\"><strong data-start=\"2430\" data-end=\"2464\">Sonya Yoncheva (18 de juliol):<\/strong> La soprano b\u00falgara tancar\u00e0 el festival amb un recital acompanyada pel pianista Antoine Palloc.<\/p>\n<\/li>\n<\/ul>\n<p class=\"\" data-start=\"2561\" data-end=\"2720\">A m\u00e9s, el festival inclour\u00e0 activitats paral\u00b7leles com xerrades, tallers i confer\u00e8ncies pr\u00e8vies als concerts, enriquint l\u2019experi\u00e8ncia cultural dels assistents.<\/p>\n<hr class=\"\" data-start=\"2722\" data-end=\"2725\" \/>\n<p class=\"\" data-start=\"2727\" data-end=\"2775\"><strong data-start=\"2727\" data-end=\"2775\">\ud83c\udfe1 Allotjament ideal amb We Host Costa Brava<\/strong><\/p>\n<p class=\"\" data-start=\"2777\" data-end=\"3062\">Per gaudir plenament del Festival Castell de Peralada 2025, \u00e9s fonamental disposar d\u2019un allotjament c\u00f2mode i proper al recinte. A <strong data-start=\"2907\" data-end=\"2930\">We Host Costa Brava<\/strong>, oferim una selecci\u00f3 d\u2019apartaments i cases a la zona de l\u2019Alt Empord\u00e0, ideals per descansar despr\u00e9s d\u2019una nit de m\u00fasica i emocions.<\/p>\n<p class=\"\" data-start=\"3064\" data-end=\"3101\">Entre les nostres opcions destacades:<\/p>\n<ul data-start=\"3103\" data-end=\"3380\">\n<li class=\"\" data-start=\"3103\" data-end=\"3235\">\n<p class=\"\" data-start=\"3105\" data-end=\"3235\"><strong data-start=\"3105\" data-end=\"3121\"><a href=\"https:\/\/apartmentscasaconcha.com\/ca\/\" target=\"_blank\" rel=\"noopener\">Casa Concha<\/a>:<\/strong> Una encantadora casa amb vistes al mar, perfecta per a fam\u00edlies o grups que cerquen tranquil\u00b7litat i comoditat.<\/p>\n<\/li>\n<li class=\"\" data-start=\"3236\" data-end=\"3380\">\n<p class=\"\" data-start=\"3238\" data-end=\"3380\"><strong data-start=\"3238\" data-end=\"3260\"><a href=\"https:\/\/wehostcostabrava.com\/ca\/lloguer-apartament-duplex-amb-terrassa-a-calella-de-palafrugell-casa-concha-portell\/\">Apartaments Laura<\/a>:<\/strong> Apartaments moderns amb piscina comunit\u00e0ria, ideals per a parelles o grups petits que vulguin combinar cultura i relax.<\/p>\n<\/li>\n<\/ul>\n<p class=\"\" data-start=\"3382\" data-end=\"3545\">Ambdues propietats es troben a menys de 30 minuts amb cotxe del Castell de Peralada, fet que permet un acc\u00e9s r\u00e0pid i c\u00f2mode als concerts i activitats del festival.<\/p>\n<p data-start=\"3382\" data-end=\"3545\"><img fetchpriority=\"high\" decoding=\"async\" class=\"aligncenter wp-image-9332 size-full\" src=\"https:\/\/wehostcostabrava.com\/wp-content\/uploads\/2025\/05\/apartamento-calella-de-palafrugell-frente-al-mar.jpg\" alt=\"apartamento calella de palafrugell frente al mar\" width=\"800\" height=\"600\" srcset=\"https:\/\/wehostcostabrava.com\/wp-content\/uploads\/2025\/05\/apartamento-calella-de-palafrugell-frente-al-mar.jpg 800w, https:\/\/wehostcostabrava.com\/wp-content\/uploads\/2025\/05\/apartamento-calella-de-palafrugell-frente-al-mar-300x225.jpg 300w, https:\/\/wehostcostabrava.com\/wp-content\/uploads\/2025\/05\/apartamento-calella-de-palafrugell-frente-al-mar-768x576.jpg 768w\" sizes=\"(max-width: 800px) 100vw, 800px\" \/><\/p>\n<hr class=\"\" data-start=\"3547\" data-end=\"3550\" \/>\n<p class=\"\" data-start=\"3552\" data-end=\"3583\"><strong data-start=\"3552\" data-end=\"3583\">\ud83d\udcc5 Planifica la teva visita<\/strong><\/p>\n<p class=\"\" data-start=\"3585\" data-end=\"3930\">El Festival Castell de Peralada \u00e9s una oportunitat \u00fanica per gaudir de l\u2019excel\u00b7l\u00e8ncia art\u00edstica en un entorn incomparable. Les entrades pels espectacles ja s\u00f3n disponibles a la <a class=\"\" href=\"https:\/\/www.festivalperalada.com\/es\/\" target=\"_new\" rel=\"noopener\" data-start=\"3762\" data-end=\"3826\">web oficial del festival<\/a>. Com que la demanda \u00e9s elevada, es recomana reservar amb antelaci\u00f3 tant les entrades com l\u2019allotjament.<\/p>\n<p class=\"\" data-start=\"3932\" data-end=\"4175\">A <strong data-start=\"3934\" data-end=\"3957\">We Host Costa Brava<\/strong>, estarem encantats d\u2019ajudar-te a planificar la teva estada, oferint-te l\u2019allotjament que millor s\u2019adapti a les teves necessitats i proporcionant-te informaci\u00f3 addicional sobre activitats i llocs d\u2019inter\u00e8s de la regi\u00f3.<\/p>\n<p class=\"\" data-start=\"4177\" data-end=\"4381\">No et perdis l\u2019oportunitat de viure una experi\u00e8ncia cultural inoblidable al <strong data-start=\"4253\" data-end=\"4290\">Festival Castell de Peralada 2025<\/strong>, combinada amb el confort i l\u2019hospitalitat de <strong data-start=\"4337\" data-end=\"4360\">We Host Costa Brava<\/strong>.<br data-start=\"4361\" data-end=\"4364\" \/><strong data-start=\"4364\" data-end=\"4381\" data-is-last-node=\"\">T\u2019hi esperem!<\/strong><\/p>\n","protected":false},"featured_media":9327,"template":"","experiencia":[94],"class_list":["post-9361","experiencia","type-experiencia","status-publish","has-post-thumbnail","hentry","experiencia-eventos"],"acf":[],"_links":{"self":[{"href":"https:\/\/wehostcostabrava.com\/ca\/wp-json\/wp\/v2\/experiencia\/9361"}],"collection":[{"href":"https:\/\/wehostcostabrava.com\/ca\/wp-json\/wp\/v2\/experiencia"}],"about":[{"href":"https:\/\/wehostcostabrava.com\/ca\/wp-json\/wp\/v2\/types\/experiencia"}],"wp:featuredmedia":[{"embeddable":true,"href":"https:\/\/wehostcostabrava.com\/ca\/wp-json\/wp\/v2\/media\/9327"}],"wp:attachment":[{"href":"https:\/\/wehostcostabrava.com\/ca\/wp-json\/wp\/v2\/media?parent=9361"}],"wp:term":[{"taxonomy":"experiencia","embeddable":true,"href":"https:\/\/wehostcostabrava.com\/ca\/wp-json\/wp\/v2\/experiencia?post=9361"}],"curies":[{"name":"wp","href":"https:\/\/api.w.org\/{rel}","templated":true}]}}