{"id":8881,"date":"2025-05-06T12:10:37","date_gmt":"2025-05-06T10:10:37","guid":{"rendered":"https:\/\/wehostcostabrava.com\/?post_type=experiencia&#038;p=8881"},"modified":"2026-04-16T08:04:15","modified_gmt":"2026-04-16T06:04:15","slug":"festival-cap-roig-calella-de-palafrugell-allotjament","status":"publish","type":"experiencia","link":"https:\/\/wehostcostabrava.com\/ca\/festival-cap-roig-calella-de-palafrugell-allotjament\/","title":{"rendered":"Festival de m\u00fasica de Cap Roig 2026 a Calella de Palafrugell (cartell, dates i allotjament)"},"content":{"rendered":"<p>Cada estiu, la Costa Brava es converteix en l\u2019escenari d\u2019un dels esdeveniments musicals m\u00e9s destacats d\u2019Europa: el Festival de Cap Roig, celebrat a Calella de Palafrugell. Amb un cartell ple d\u2019artistes de renom internacional i un entorn privilegiat vora el mar, aquest festival ofereix una experi\u00e8ncia inoblidable sota les estrelles.<\/p>\n<p class=\"\" data-start=\"574\" data-end=\"829\">Durant m\u00e9s d\u2019un mes, el festival reuneix m\u00fasics d\u2019arreu del m\u00f3n en un entorn natural espectacular. La programaci\u00f3 inclou des de pop i rock fins a flamenc, folk i m\u00fasica cl\u00e0ssica, convertint-lo en una cita imprescindible per als amants de la m\u00fasica en viu.<\/p>\n<p data-start=\"0\" data-end=\"639\">L\u2019edici\u00f3 2026 del Festival de Cap Roig comen\u00e7ar\u00e0 el 3 de juliol amb el concert tan esperat de <span class=\"hover:entity-accent entity-underline inline cursor-pointer align-baseline\"><span class=\"whitespace-normal\">Bryan Adams<\/span><\/span>, donant el tret de sortida a un cartell de primer nivell que combina grans llegendes amb artistes actuals. Al llarg del festival, pujaran a l\u2019escenari noms internacionals destacats com <span class=\"hover:entity-accent entity-underline inline cursor-pointer align-baseline\"><span class=\"whitespace-normal\">Anastacia<\/span><\/span>, <span class=\"hover:entity-accent entity-underline inline cursor-pointer align-baseline\"><span class=\"whitespace-normal\">Rick Astley<\/span><\/span>, <span class=\"hover:entity-accent entity-underline inline cursor-pointer align-baseline\"><span class=\"whitespace-normal\">Diana Krall<\/span><\/span> i <span class=\"hover:entity-accent entity-underline inline cursor-pointer align-baseline\"><span class=\"whitespace-normal\">Mika<\/span><\/span>, juntament amb referents de l\u2019escena estatal com <span class=\"hover:entity-accent entity-underline inline cursor-pointer align-baseline\"><span class=\"whitespace-normal\">Antonio Orozco<\/span><\/span>, <span class=\"hover:entity-accent entity-underline inline cursor-pointer align-baseline\"><span class=\"whitespace-normal\">Pablo L\u00f3pez<\/span><\/span> i <span class=\"hover:entity-accent entity-underline inline cursor-pointer align-baseline\"><span class=\"whitespace-normal\">Rosario<\/span><\/span>.<\/p>\n<p data-start=\"641\" data-end=\"1142\">El programa tamb\u00e9 aposta per la diversitat musical amb propostes com <span class=\"hover:entity-accent entity-underline inline cursor-pointer align-baseline\"><span class=\"whitespace-normal\">Amaia<\/span><\/span>, <span class=\"hover:entity-accent entity-underline inline cursor-pointer align-baseline\"><span class=\"whitespace-normal\">Miki N\u00fa\u00f1ez<\/span><\/span>, <span class=\"hover:entity-accent entity-underline inline cursor-pointer align-baseline\"><span class=\"whitespace-normal\">Taburete<\/span><\/span> i <span class=\"hover:entity-accent entity-underline inline cursor-pointer align-baseline\"><span class=\"whitespace-normal\">Valeria Castro<\/span><\/span>, sense oblidar artistes consolidats com <span class=\"hover:entity-accent entity-underline inline cursor-pointer align-baseline\"><span class=\"whitespace-normal\">Luz Casal<\/span><\/span>, <span class=\"hover:entity-accent entity-underline inline cursor-pointer align-baseline\"><span class=\"whitespace-normal\">Miguel R\u00edos<\/span><\/span> i <span class=\"hover:entity-accent entity-underline inline cursor-pointer align-baseline\"><span class=\"whitespace-normal\">Ana Torroja<\/span><\/span>. Una edici\u00f3 que tornar\u00e0 a convertir Cap Roig en un dels grans referents musicals de l\u2019estiu a la Costa Brava.<\/p>\n<p data-start=\"831\" data-end=\"1122\"><img fetchpriority=\"high\" decoding=\"async\" class=\"aligncenter wp-image-8871 size-full\" src=\"https:\/\/wehostcostabrava.com\/wp-content\/uploads\/2025\/05\/Festival-de-Cap-Roig.webp\" alt=\"alojamiento-Festival-de-Cap-Roig\" width=\"1024\" height=\"512\" srcset=\"https:\/\/wehostcostabrava.com\/wp-content\/uploads\/2025\/05\/Festival-de-Cap-Roig.webp 1024w, https:\/\/wehostcostabrava.com\/wp-content\/uploads\/2025\/05\/Festival-de-Cap-Roig-300x150.webp 300w, https:\/\/wehostcostabrava.com\/wp-content\/uploads\/2025\/05\/Festival-de-Cap-Roig-768x384.webp 768w\" sizes=\"(max-width: 1024px) 100vw, 1024px\" \/><\/p>\n<p class=\"\" data-start=\"1124\" data-end=\"1181\"><strong data-start=\"1124\" data-end=\"1181\">Allotjar-se a Calella de Palafrugell: la millor opci\u00f3<\/strong><\/p>\n<p class=\"\" data-start=\"1183\" data-end=\"1470\">Per gaudir al m\u00e0xim del Festival de Cap Roig, no hi ha millor opci\u00f3 que allotjar-se a Calella de Palafrugell, a pocs minuts del recinte. Aquest poble encantador de la Costa Brava conserva l\u2019ess\u00e8ncia marinera, amb cases blanques, cales d\u2019aig\u00fces transparents i un ambient mediterrani \u00fanic.<\/p>\n<p class=\"\" data-start=\"1472\" data-end=\"1782\">A <a href=\"https:\/\/wehostcostabrava.com\/ca\/\"><strong>We Host Costa Brava<\/strong><\/a>, hi trobar\u00e0s els millors allotjaments tur\u00edstics a Calella, ideals per a escapades rom\u00e0ntiques, vacances en fam\u00edlia o estades amb amics. Disposem d\u2019apartaments amb vistes al mar, cases amb piscina i molt m\u00e9s, tot combinant confort, ubicaci\u00f3 i encant local.<\/p>\n<p class=\"\" data-start=\"1784\" data-end=\"2121\">Et recomanem especialment aquest <a href=\"https:\/\/wehostcostabrava.com\/ca\/lloguer-apartament-platja-canadell-a-calella-de-palafrugell-mar-g\/\"><strong>apartament amb terrassa i vistes al mar<\/strong><\/a> o <a href=\"https:\/\/wehostcostabrava.com\/ca\/lloguer-apartament-duplex-amb-terrassa-a-calella-de-palafrugell-casa-concha-portell\/\" target=\"_new\" rel=\"noopener\" data-start=\"1953\" data-end=\"2092\"><strong>aquest d\u00faplex a pocs metres de la platja de Calella de Palafrugell<\/strong><\/a> per completar l\u2019experi\u00e8ncia.<\/p>\n<p data-start=\"1784\" data-end=\"2121\"><img decoding=\"async\" class=\"aligncenter wp-image-8489 size-full\" src=\"https:\/\/wehostcostabrava.com\/wp-content\/uploads\/2025\/02\/alquilar-casa-costa-brava.jpg\" alt=\"alquilar casa costa brava\" width=\"800\" height=\"600\" srcset=\"https:\/\/wehostcostabrava.com\/wp-content\/uploads\/2025\/02\/alquilar-casa-costa-brava.jpg 800w, https:\/\/wehostcostabrava.com\/wp-content\/uploads\/2025\/02\/alquilar-casa-costa-brava-300x225.jpg 300w, https:\/\/wehostcostabrava.com\/wp-content\/uploads\/2025\/02\/alquilar-casa-costa-brava-768x576.jpg 768w\" sizes=\"(max-width: 800px) 100vw, 800px\" \/><\/p>\n<p class=\"\" style=\"text-align: center;\" data-start=\"2123\" data-end=\"2174\"><strong>Cartell confirmat del Festival de Cap Roig 2026<\/strong><\/p>\n<p style=\"text-align: center;\" data-start=\"1149\" data-end=\"1203\"><strong>3 de juliol: <span class=\"hover:entity-accent entity-underline inline cursor-pointer align-baseline\"><span class=\"whitespace-normal\">Bryan Adams<\/span><\/span><\/strong><\/p>\n<p style=\"text-align: center;\" data-start=\"1205\" data-end=\"1260\"><strong>10 de juliol: <span class=\"hover:entity-accent entity-underline inline cursor-pointer align-baseline\"><span class=\"whitespace-normal\">V\u00edctor Manuel<\/span><\/span><\/strong><\/p>\n<p style=\"text-align: center;\" data-start=\"1262\" data-end=\"1317\"><strong>11 de juliol: <span class=\"hover:entity-accent entity-underline inline cursor-pointer align-baseline\"><span class=\"whitespace-normal\">Anastacia<\/span><\/span><\/strong><\/p>\n<p style=\"text-align: center;\" data-start=\"1319\" data-end=\"1374\"><strong>17 de juliol: <span class=\"hover:entity-accent entity-underline inline cursor-pointer align-baseline\"><span class=\"whitespace-normal\">Amaia<\/span><\/span><\/strong><\/p>\n<p style=\"text-align: center;\" data-start=\"1376\" data-end=\"1431\"><strong>18 de juliol: <span class=\"hover:entity-accent entity-underline inline cursor-pointer align-baseline\"><span class=\"whitespace-normal\">Rick Astley<\/span><\/span><\/strong><\/p>\n<p style=\"text-align: center;\" data-start=\"1433\" data-end=\"1488\"><strong>24 de juliol: <span class=\"hover:entity-accent entity-underline inline cursor-pointer align-baseline\"><span class=\"whitespace-normal\">Caf\u00e9 Quijano<\/span><\/span><\/strong><\/p>\n<p style=\"text-align: center;\" data-start=\"1490\" data-end=\"1545\"><strong>25 de juliol: <span class=\"hover:entity-accent entity-underline inline cursor-pointer align-baseline\"><span class=\"whitespace-normal\">Diana Krall<\/span><\/span><\/strong><\/p>\n<p style=\"text-align: center;\" data-start=\"1547\" data-end=\"1599\"><strong>1 d\u2019agost: <span class=\"hover:entity-accent entity-underline inline cursor-pointer align-baseline\"><span class=\"whitespace-normal\">Miki N\u00fa\u00f1ez<\/span><\/span><\/strong><\/p>\n<p style=\"text-align: center;\" data-start=\"1601\" data-end=\"1653\"><strong>2 d\u2019agost: <span class=\"hover:entity-accent entity-underline inline cursor-pointer align-baseline\"><span class=\"whitespace-normal\">Taburete<\/span><\/span><\/strong><\/p>\n<p style=\"text-align: center;\" data-start=\"1655\" data-end=\"1707\"><strong>3 d\u2019agost: <span class=\"hover:entity-accent entity-underline inline cursor-pointer align-baseline\"><span class=\"whitespace-normal\">Antonio Orozco<\/span><\/span><\/strong><\/p>\n<p style=\"text-align: center;\" data-start=\"1709\" data-end=\"1761\"><strong>4 d\u2019agost: <span class=\"hover:entity-accent entity-underline inline cursor-pointer align-baseline\"><span class=\"whitespace-normal\">Juan Diego Fl\u00f3rez<\/span><\/span><\/strong><\/p>\n<p style=\"text-align: center;\" data-start=\"1763\" data-end=\"1815\"><strong>5 d\u2019agost: <span class=\"hover:entity-accent entity-underline inline cursor-pointer align-baseline\"><span class=\"whitespace-normal\">Valeria Castro<\/span><\/span><\/strong><\/p>\n<p style=\"text-align: center;\" data-start=\"1817\" data-end=\"1869\"><strong>6 d\u2019agost: <span class=\"hover:entity-accent entity-underline inline cursor-pointer align-baseline\"><span class=\"whitespace-normal\">Lax\u2019n\u2019Busto<\/span><\/span><\/strong><\/p>\n<p style=\"text-align: center;\" data-start=\"1871\" data-end=\"1923\"><strong>7 d\u2019agost: <span class=\"hover:entity-accent entity-underline inline cursor-pointer align-baseline\"><span class=\"whitespace-normal\">Pablo L\u00f3pez<\/span><\/span><\/strong><\/p>\n<p style=\"text-align: center;\" data-start=\"1925\" data-end=\"1977\"><strong>8 d\u2019agost: <span class=\"hover:entity-accent entity-underline inline cursor-pointer align-baseline\"><span class=\"whitespace-normal\">Mika<\/span><\/span><\/strong><\/p>\n<p style=\"text-align: center;\" data-start=\"1979\" data-end=\"2032\"><strong>10 d\u2019agost: <span class=\"hover:entity-accent entity-underline inline cursor-pointer align-baseline\"><span class=\"whitespace-normal\">El Fil Invisible<\/span><\/span><\/strong><\/p>\n<p style=\"text-align: center;\" data-start=\"2034\" data-end=\"2087\"><strong>11 d\u2019agost: <span class=\"hover:entity-accent entity-underline inline cursor-pointer align-baseline\"><span class=\"whitespace-normal\">Rosario<\/span><\/span><\/strong><\/p>\n<p style=\"text-align: center;\" data-start=\"2089\" data-end=\"2142\"><strong>13 d\u2019agost: <span class=\"hover:entity-accent entity-underline inline cursor-pointer align-baseline\"><span class=\"whitespace-normal\">Mal\u00fa<\/span><\/span><\/strong><\/p>\n<p style=\"text-align: center;\" data-start=\"2144\" data-end=\"2197\"><strong>14 d\u2019agost: <span class=\"hover:entity-accent entity-underline inline cursor-pointer align-baseline\"><span class=\"whitespace-normal\">31 FAM<\/span><\/span><\/strong><\/p>\n<p style=\"text-align: center;\" data-start=\"2199\" data-end=\"2252\"><strong>15 d\u2019agost: <span class=\"hover:entity-accent entity-underline inline cursor-pointer align-baseline\"><span class=\"whitespace-normal\">Luz Casal<\/span><\/span><\/strong><\/p>\n<p style=\"text-align: center;\" data-start=\"2254\" data-end=\"2307\"><strong>16 d\u2019agost: <span class=\"hover:entity-accent entity-underline inline cursor-pointer align-baseline\"><span class=\"whitespace-normal\">HAUSER<\/span><\/span><\/strong><\/p>\n<p style=\"text-align: center;\" data-start=\"2309\" data-end=\"2362\"><strong>17 d\u2019agost: <span class=\"hover:entity-accent entity-underline inline cursor-pointer align-baseline\"><span class=\"whitespace-normal\">Ana Torroja<\/span><\/span><\/strong><\/p>\n<p style=\"text-align: center;\" data-start=\"2364\" data-end=\"2415\" data-is-last-node=\"\" data-is-only-node=\"\"><strong>18 d\u2019agost: <span class=\"hover:entity-accent entity-underline inline cursor-pointer align-baseline\"><span class=\"whitespace-normal\">Miguel R\u00edos<\/span><\/span><\/strong><\/p>\n<p class=\"\" data-start=\"2874\" data-end=\"3103\">Prepara\u2019t per viure un estiu ple de m\u00fasica i emocions. Reserva les teves entrades per al Festival de Cap Roig i assegura\u2019t el millor allotjament amb We Host Costa Brava.<\/p>\n<p class=\"\" data-start=\"2874\" data-end=\"3103\"><strong>M\u00fasica, mar i l\u2019encant de Calella de Palafrugell t\u2019esperen!<\/strong><\/p>\n","protected":false},"featured_media":8875,"template":"","experiencia":[94],"class_list":["post-8881","experiencia","type-experiencia","status-publish","has-post-thumbnail","hentry","experiencia-eventos"],"acf":[],"_links":{"self":[{"href":"https:\/\/wehostcostabrava.com\/ca\/wp-json\/wp\/v2\/experiencia\/8881"}],"collection":[{"href":"https:\/\/wehostcostabrava.com\/ca\/wp-json\/wp\/v2\/experiencia"}],"about":[{"href":"https:\/\/wehostcostabrava.com\/ca\/wp-json\/wp\/v2\/types\/experiencia"}],"wp:featuredmedia":[{"embeddable":true,"href":"https:\/\/wehostcostabrava.com\/ca\/wp-json\/wp\/v2\/media\/8875"}],"wp:attachment":[{"href":"https:\/\/wehostcostabrava.com\/ca\/wp-json\/wp\/v2\/media?parent=8881"}],"wp:term":[{"taxonomy":"experiencia","embeddable":true,"href":"https:\/\/wehostcostabrava.com\/ca\/wp-json\/wp\/v2\/experiencia?post=8881"}],"curies":[{"name":"wp","href":"https:\/\/api.w.org\/{rel}","templated":true}]}}